{"id":15,"date":"2018-07-19T10:21:53","date_gmt":"2018-07-19T08:21:53","guid":{"rendered":"http:\/\/kervrac.fr\/?page_id=15"},"modified":"2019-03-13T09:42:32","modified_gmt":"2019-03-13T08:42:32","slug":"dans-la-presse","status":"publish","type":"page","link":"https:\/\/ho-pongo.bzh\/kervrac\/dans-la-presse\/","title":{"rendered":"Dans la presse"},"content":{"rendered":"<h2>On parle de nous !<\/h2>\n<p>Ker&rsquo;Vrac sera bient\u00f4t la boutique incontournable du bourg de Pont-l&rsquo;Abb\u00e9. Nous remercions tous ceux qui font conna\u00eetre autour d&rsquo;eux notre \u00e9picerie vrac et sans emballage. Nous remercions aussi les journalistes et correspondants locaux pour leurs publications.<br \/>\nRetrouvez ici tous les articles de presse concernant Ker&rsquo;Vrac.<\/p>\n<p>&nbsp;<\/p>\n<div class=\"article-presse\"><a href=\"https:\/\/kervrac.fr\/wp-content\/uploads\/2018\/10\/KerVrac-coin-decouverte-150x150.png\" target=\"_blank\" rel=\"noopener\"><img loading=\"lazy\" class=\"alignleft wp-image-785 size-thumbnail\" src=\"https:\/\/kervrac.fr\/wp-content\/uploads\/2018\/10\/KerVrac-coin-decouverte-150x150.png\" alt=\"\" width=\"150\" height=\"150\" \/><\/a><span class=\"texte-gras\">29 mille lieux<\/span>, l&rsquo;art de vivre en Finist\u00e8re<br \/>\nOctobre 2018<br \/>\n<a href=\"https:\/\/kervrac.fr\/wp-content\/uploads\/2018\/10\/KerVrac-coin-decouverte.png\" target=\"_blank\" rel=\"noopener\">&gt; Lire l&rsquo;article<\/a><\/div>\n<div class=\"article-presse\">Ker\u2019Vrac, l\u2019\u00e9picerie du quotidien en vrac<br \/>\n<span class=\"texte-gras\">Le T\u00e9l\u00e9gramme, 12-10-2018<\/span><br \/>\n<a href=\"https:\/\/www.letelegramme.fr\/finistere\/pont-labbe\/enseigne-ker-vrac-l-epicerie-du-quotidien-en-vrac-11-10-2018-12104150.php#cAL6iWQ6t0jcRKLS.99\" target=\"_blank\" rel=\"noopener\">&gt; Lire l&rsquo;article<\/a><\/div>\n<div class=\"article-presse\">Sur un Air de Terre. Ap\u00e9ro-concert samedi \u00e0 la MPT<br \/>\n<span class=\"texte-gras\">Le T\u00e9l\u00e9gramme, 12-10-2018<\/span><br \/>\n<a href=\"https:\/\/www.letelegramme.fr\/finistere\/pont-labbe\/sur-un-air-de-terre-apero-concert-samedi-a-la-mpt-09-10-2018-12101792.php#mU3AJxRc3Tv31Q2p.99\" target=\"_blank\" rel=\"noopener\">&gt; Lire l&rsquo;article<\/a><\/div>\n<div class=\"article-presse\"><a href=\"https:\/\/kervrac.fr\/wp-content\/uploads\/2018\/10\/44767689_2426722600689897_1303283593765715968_n.jpg\"><img loading=\"lazy\" class=\"alignleft wp-image-389 size-thumbnail\" src=\"https:\/\/kervrac.fr\/wp-content\/uploads\/2018\/10\/44767689_2426722600689897_1303283593765715968_n-150x150.jpg\" alt=\"\" width=\"150\" height=\"150\" srcset=\"https:\/\/ho-pongo.bzh\/kervrac\/wp-content\/uploads\/2018\/10\/44767689_2426722600689897_1303283593765715968_n-150x150.jpg 150w, https:\/\/ho-pongo.bzh\/kervrac\/wp-content\/uploads\/2018\/10\/44767689_2426722600689897_1303283593765715968_n-300x300.jpg 300w, https:\/\/ho-pongo.bzh\/kervrac\/wp-content\/uploads\/2018\/10\/44767689_2426722600689897_1303283593765715968_n-75x75.jpg 75w, https:\/\/ho-pongo.bzh\/kervrac\/wp-content\/uploads\/2018\/10\/44767689_2426722600689897_1303283593765715968_n-100x100.jpg 100w\" sizes=\"(max-width: 150px) 100vw, 150px\" \/><\/a>Ker&rsquo;Vrac, pour d\u00e9velopper une conso z\u00e9ro d\u00e9chet<br \/>\n<span class=\"texte-gras\">Ouest-France, 24-10-2018<\/span><br \/>\n<a href=\"https:\/\/kervrac.fr\/wp-content\/uploads\/2018\/10\/44767689_2426722600689897_1303283593765715968_n.jpg\" target=\"_blank\" rel=\"noopener\">&gt; Lire l&rsquo;article<\/a><\/div>\n<p>Si vous \u00eates journaliste, vous pouvez <span class=\"&quot;texte-gras\"><a href=\"https:\/\/kervrac.fr\/wp-content\/uploads\/2018\/docs\/Communiqu\u00e9 de presse-Ker-Vrac.pdf\">t\u00e9l\u00e9charger ici notre communiqu\u00e9 de presse<\/a><\/span>. N&rsquo;h\u00e9sitez pas \u00e0 prendre contact !<\/p>\n","protected":false},"excerpt":{"rendered":"<p>On parle de nous ! Ker&rsquo;Vrac sera bient\u00f4t la boutique incontournable du bourg de Pont-l&rsquo;Abb\u00e9. Nous remercions tous ceux qui font conna\u00eetre autour d&rsquo;eux notre \u00e9picerie vrac et sans emballage. Nous remercions aussi les journalistes et correspondants locaux pour leurs publications. Retrouvez ici tous les articles de presse concernant Ker&rsquo;Vrac. &nbsp; 29 mille lieux, l&rsquo;art de vivre en Finist\u00e8re Octobre 2018 &gt; Lire l&rsquo;article Ker\u2019Vrac, l\u2019\u00e9picerie du quotidien en vrac Le T\u00e9l\u00e9gramme, 12-10-2018 &gt; Lire l&rsquo;article Sur un Air de Terre. Ap\u00e9ro-concert samedi \u00e0 la MPT Le T\u00e9l\u00e9gramme, 12-10-2018 &gt; Lire l&rsquo;article Ker&rsquo;Vrac, pour d\u00e9velopper une conso z\u00e9ro d\u00e9chet Ouest-France, 24-10-2018 &gt; Lire l&rsquo;article Si vous \u00eates journaliste, vous pouvez t\u00e9l\u00e9charger ici notre communiqu\u00e9 de presse. N&rsquo;h\u00e9sitez pas \u00e0 prendre contact !<\/p>\n","protected":false},"author":1,"featured_media":0,"parent":0,"menu_order":0,"comment_status":"closed","ping_status":"closed","template":"","meta":[],"_links":{"self":[{"href":"https:\/\/ho-pongo.bzh\/kervrac\/wp-json\/wp\/v2\/pages\/15"}],"collection":[{"href":"https:\/\/ho-pongo.bzh\/kervrac\/wp-json\/wp\/v2\/pages"}],"about":[{"href":"https:\/\/ho-pongo.bzh\/kervrac\/wp-json\/wp\/v2\/types\/page"}],"author":[{"embeddable":true,"href":"https:\/\/ho-pongo.bzh\/kervrac\/wp-json\/wp\/v2\/users\/1"}],"replies":[{"embeddable":true,"href":"https:\/\/ho-pongo.bzh\/kervrac\/wp-json\/wp\/v2\/comments?post=15"}],"version-history":[{"count":21,"href":"https:\/\/ho-pongo.bzh\/kervrac\/wp-json\/wp\/v2\/pages\/15\/revisions"}],"predecessor-version":[{"id":967,"href":"https:\/\/ho-pongo.bzh\/kervrac\/wp-json\/wp\/v2\/pages\/15\/revisions\/967"}],"wp:attachment":[{"href":"https:\/\/ho-pongo.bzh\/kervrac\/wp-json\/wp\/v2\/media?parent=15"}],"curies":[{"name":"wp","href":"https:\/\/api.w.org\/{rel}","templated":true}]}}